{"id":422,"date":"2023-03-12T21:54:20","date_gmt":"2023-03-12T21:54:20","guid":{"rendered":"https:\/\/web.rkinformatika.net\/malibimarkina\/?page_id=422"},"modified":"2023-03-12T22:25:57","modified_gmt":"2023-03-12T22:25:57","slug":"cable-calefactor-flexible","status":"publish","type":"page","link":"https:\/\/malibimarkina.com\/pt\/cable-calefactor-flexible\/","title":{"rendered":"Cabo de aquecimento flex\u00edvel"},"content":{"rendered":"<div data-elementor-type=\"wp-page\" data-elementor-id=\"422\" class=\"elementor elementor-422\" data-elementor-post-type=\"page\">\n\t\t\t\t\t\t<section class=\"elementor-section elementor-top-section elementor-element elementor-element-566e9d1 elementor-section-boxed elementor-section-height-default elementor-section-height-default\" data-id=\"566e9d1\" data-element_type=\"section\" data-e-type=\"section\">\n\t\t\t\t\t\t<div class=\"elementor-container elementor-column-gap-default\">\n\t\t\t\t\t<div class=\"elementor-column elementor-col-100 elementor-top-column elementor-element elementor-element-f3fbd9a\" data-id=\"f3fbd9a\" data-element_type=\"column\" data-e-type=\"column\">\n\t\t\t<div class=\"elementor-widget-wrap elementor-element-populated\">\n\t\t\t\t\t\t<div class=\"elementor-element elementor-element-75ef99e elementor-widget elementor-widget-heading\" data-id=\"75ef99e\" data-element_type=\"widget\" data-e-type=\"widget\" data-widget_type=\"heading.default\">\n\t\t\t\t<div class=\"elementor-widget-container\">\n\t\t\t\t\t<h2 class=\"elementor-heading-title elementor-size-default\">CABO DE AQUECIMENTO FLEX\u00cdVEL<\/h2>\t\t\t\t<\/div>\n\t\t\t\t<\/div>\n\t\t\t\t\t<\/div>\n\t\t<\/div>\n\t\t\t\t\t<\/div>\n\t\t<\/section>\n\t\t\t\t<section class=\"elementor-section elementor-top-section elementor-element elementor-element-b078dc3 elementor-section-boxed elementor-section-height-default elementor-section-height-default\" data-id=\"b078dc3\" data-element_type=\"section\" data-e-type=\"section\">\n\t\t\t\t\t\t<div class=\"elementor-container elementor-column-gap-default\">\n\t\t\t\t\t<div class=\"elementor-column elementor-col-100 elementor-top-column elementor-element elementor-element-ff86827\" data-id=\"ff86827\" data-element_type=\"column\" data-e-type=\"column\">\n\t\t\t<div class=\"elementor-widget-wrap elementor-element-populated\">\n\t\t\t\t\t\t<div class=\"elementor-element elementor-element-2a29cb9 elementor-widget elementor-widget-text-editor\" data-id=\"2a29cb9\" data-element_type=\"widget\" data-e-type=\"widget\" data-widget_type=\"text-editor.default\">\n\t\t\t\t<div class=\"elementor-widget-container\">\n\t\t\t\t\t\t\t\t\t<p>Est\u00e1 compuesto de un n\u00facleo formado por un elemento resistivo, que est\u00e1 recubierto de un material aislante y transmisor de calor ( silicona o PVC) Tambi\u00e9n se hacen recubrimientos combinando los anteriores con fibra de vidrio o malla met\u00e1lica.<\/p>\n<p><strong>Su uso est\u00e1 indicado para todo proceso que requiera un calentamiento suave.<\/strong><\/p>\n<p>La presentaci\u00f3n y el acabado del cable calefactor, va a depender del uso al que est\u00e9 destinado. He aqu\u00ed algunas de las aplicaciones m\u00e1s representativas:<\/p>\t\t\t\t\t\t\t\t<\/div>\n\t\t\t\t<\/div>\n\t\t\t\t\t<\/div>\n\t\t<\/div>\n\t\t\t\t\t<\/div>\n\t\t<\/section>\n\t\t\t\t<section class=\"elementor-section elementor-top-section elementor-element elementor-element-5e6eb60 elementor-section-boxed elementor-section-height-default elementor-section-height-default\" data-id=\"5e6eb60\" data-element_type=\"section\" data-e-type=\"section\">\n\t\t\t\t\t\t<div class=\"elementor-container elementor-column-gap-default\">\n\t\t\t\t\t<div class=\"elementor-column elementor-col-100 elementor-top-column elementor-element elementor-element-c83241f\" data-id=\"c83241f\" data-element_type=\"column\" data-e-type=\"column\">\n\t\t\t<div class=\"elementor-widget-wrap elementor-element-populated\">\n\t\t\t\t\t\t<div class=\"elementor-element elementor-element-b5a1834 elementor-widget elementor-widget-elementskit-accordion\" data-id=\"b5a1834\" data-element_type=\"widget\" data-e-type=\"widget\" data-widget_type=\"elementskit-accordion.default\">\n\t\t\t\t<div class=\"elementor-widget-container\">\n\t\t\t\t\t<div class=\"ekit-wid-con\" >\n        <div class=\"elementskit-accordion accoedion-primary\" id=\"accordion-69f1b4e1909ff\">\n\n            \n                <div class=\"elementskit-card active\">\n                    <div class=\"elementskit-card-header\" id=\"primaryHeading-0-b5a1834\">\n                        <a href=\"#collapse-d7fefd369f1b4e1909ff\" class=\"ekit-accordion--toggler elementskit-btn-link collapsed\" data-ekit-toggle=\"collapse\" data-target=\"#Collapse-d7fefd369f1b4e1909ff\" aria-expanded=\"true\" aria-controls=\"Collapse-d7fefd369f1b4e1909ff\">\n                            \n                            <span class=\"ekit-accordion-title\">1 - Resistencias anti\u2013condensaci\u00f3n<\/span>\n\n                            \n                                <div class=\"ekit_accordion_icon_group\">\n                                    <div class=\"ekit_accordion_normal_icon\">\n                                        <!-- Normal Icon -->\n\t\t\t\t\t\t\t\t\t\t<i class=\"icon icon-down-arrow1\"><\/i>                                    <\/div>\n\n                                    <div class=\"ekit_accordion_active_icon\">\n                                        <!-- Active Icon -->\n\t\t\t\t\t\t\t\t\t\t<i class=\"icon icon-up-arrow\"><\/i>                                    <\/div>\n                                <\/div>\n\n                            \n                                                    <\/a>\n                    <\/div>\n\n                    <div id=\"Collapse-d7fefd369f1b4e1909ff\" class=\"show collapse\" aria-labelledby=\"primaryHeading-0-b5a1834\" data-parent=\"#accordion-69f1b4e1909ff\">\n\n                        <div class=\"elementskit-card-body ekit-accordion--content\">\n                            <p>Las resistencias anti-condesaci\u00f3n colocadas en vitrinas y expositores frigor\u00edficos, se utilizan para evitar la condensaci\u00f3n en su interior. Son fabricadas a medida y con diferentes acabados.<\/p>\n<p><img decoding=\"async\" class=\"alignnone size-full wp-image-448\" src=\"https:\/\/malibimarkina.com\/wp-content\/uploads\/2023\/03\/prod01-1-1p.gif\" alt=\"\" width=\"173\" height=\"107\" \/> <img decoding=\"async\" class=\"alignnone size-medium wp-image-449\" src=\"https:\/\/malibimarkina.com\/wp-content\/uploads\/2023\/03\/prod01-1-2p.jpg\" alt=\"\" width=\"173\" height=\"107\" \/> <img decoding=\"async\" class=\"alignnone size-medium wp-image-450\" src=\"https:\/\/malibimarkina.com\/wp-content\/uploads\/2023\/03\/prod01-1-3p.gif\" alt=\"\" width=\"173\" height=\"107\" \/><\/p>                        <\/div>\n\n                    <\/div>\n\n                <\/div><!-- .elementskit-card END -->\n\n                \n                <div class=\"elementskit-card\">\n                    <div class=\"elementskit-card-header\" id=\"primaryHeading-1-b5a1834\">\n                        <a href=\"#collapse-36bd14a69f1b4e1909ff\" class=\"ekit-accordion--toggler elementskit-btn-link collapsed\" data-ekit-toggle=\"collapse\" data-target=\"#Collapse-36bd14a69f1b4e1909ff\" aria-expanded=\"false\" aria-controls=\"Collapse-36bd14a69f1b4e1909ff\">\n                            \n                            <span class=\"ekit-accordion-title\">2 - Resistencias de descongelaci\u00f3n<\/span>\n\n                            \n                                <div class=\"ekit_accordion_icon_group\">\n                                    <div class=\"ekit_accordion_normal_icon\">\n                                        <!-- Normal Icon -->\n\t\t\t\t\t\t\t\t\t\t<i class=\"icon icon-down-arrow1\"><\/i>                                    <\/div>\n\n                                    <div class=\"ekit_accordion_active_icon\">\n                                        <!-- Active Icon -->\n\t\t\t\t\t\t\t\t\t\t<i class=\"icon icon-up-arrow\"><\/i>                                    <\/div>\n                                <\/div>\n\n                            \n                                                    <\/a>\n                    <\/div>\n\n                    <div id=\"Collapse-36bd14a69f1b4e1909ff\" class=\"collapse\" aria-labelledby=\"primaryHeading-1-b5a1834\" data-parent=\"#accordion-69f1b4e1909ff\">\n\n                        <div class=\"elementskit-card-body ekit-accordion--content\">\n                            <p>Resistencias de congelaci\u00f3n para colocar en lugares donde se quiera evitar la presencia de hielo (frigor\u00edficos, puertas de congeladores, tuber\u00edas, rampas de garaje, accesos a viviendas, autopistas, aeropuertos, etc). \u00a0Se pueden suministrar en l\u00e1minas de aluminio autoadhesivas, introducidas en tubo de aluminio.<\/p>\n<p><img loading=\"lazy\" decoding=\"async\" class=\"alignnone size-full wp-image-460\" src=\"https:\/\/malibimarkina.com\/wp-content\/uploads\/2023\/03\/prod01-2-1p.jpg\" alt=\"\" width=\"173\" height=\"107\" \/> <img loading=\"lazy\" decoding=\"async\" class=\"alignnone size-medium wp-image-461\" src=\"https:\/\/malibimarkina.com\/wp-content\/uploads\/2023\/03\/prod01-2-2p.jpg\" alt=\"\" width=\"173\" height=\"107\" \/> <img loading=\"lazy\" decoding=\"async\" class=\"alignnone size-medium wp-image-462\" src=\"https:\/\/malibimarkina.com\/wp-content\/uploads\/2023\/03\/prod01-2-3p.jpg\" alt=\"\" width=\"173\" height=\"107\" \/><\/p>                        <\/div>\n\n                    <\/div>\n\n                <\/div><!-- .elementskit-card END -->\n\n                \n                <div class=\"elementskit-card\">\n                    <div class=\"elementskit-card-header\" id=\"primaryHeading-2-b5a1834\">\n                        <a href=\"#collapse-6e48c5169f1b4e1909ff\" class=\"ekit-accordion--toggler elementskit-btn-link collapsed\" data-ekit-toggle=\"collapse\" data-target=\"#Collapse-6e48c5169f1b4e1909ff\" aria-expanded=\"false\" aria-controls=\"Collapse-6e48c5169f1b4e1909ff\">\n                            \n                            <span class=\"ekit-accordion-title\">3 - Resistencias para espejos<\/span>\n\n                            \n                                <div class=\"ekit_accordion_icon_group\">\n                                    <div class=\"ekit_accordion_normal_icon\">\n                                        <!-- Normal Icon -->\n\t\t\t\t\t\t\t\t\t\t<i class=\"icon icon-down-arrow1\"><\/i>                                    <\/div>\n\n                                    <div class=\"ekit_accordion_active_icon\">\n                                        <!-- Active Icon -->\n\t\t\t\t\t\t\t\t\t\t<i class=\"icon icon-up-arrow\"><\/i>                                    <\/div>\n                                <\/div>\n\n                            \n                                                    <\/a>\n                    <\/div>\n\n                    <div id=\"Collapse-6e48c5169f1b4e1909ff\" class=\"collapse\" aria-labelledby=\"primaryHeading-2-b5a1834\" data-parent=\"#accordion-69f1b4e1909ff\">\n\n                        <div class=\"elementskit-card-body ekit-accordion--content\">\n                            <p>Resistencias para espejos para evitar la condensaci\u00f3n en los mismos. Colocadas en l\u00e1minas de aluminio autoadhesivas que se pegan en la parte posterior de los espejos.<\/p>\n<p><img loading=\"lazy\" decoding=\"async\" class=\"alignnone size-full wp-image-466\" src=\"https:\/\/malibimarkina.com\/wp-content\/uploads\/2023\/03\/prod01-3-1p.jpg\" alt=\"\" width=\"173\" height=\"107\" \/> <img loading=\"lazy\" decoding=\"async\" class=\"alignnone size-medium wp-image-467\" src=\"https:\/\/malibimarkina.com\/wp-content\/uploads\/2023\/03\/prod01-3-2p.jpg\" alt=\"\" width=\"173\" height=\"107\" \/><\/p>                        <\/div>\n\n                    <\/div>\n\n                <\/div><!-- .elementskit-card END -->\n\n                \n                <div class=\"elementskit-card\">\n                    <div class=\"elementskit-card-header\" id=\"primaryHeading-3-b5a1834\">\n                        <a href=\"#collapse-d66637569f1b4e1909ff\" class=\"ekit-accordion--toggler elementskit-btn-link collapsed\" data-ekit-toggle=\"collapse\" data-target=\"#Collapse-d66637569f1b4e1909ff\" aria-expanded=\"false\" aria-controls=\"Collapse-d66637569f1b4e1909ff\">\n                            \n                            <span class=\"ekit-accordion-title\">4 - Resistencias de carter para compresores<\/span>\n\n                            \n                                <div class=\"ekit_accordion_icon_group\">\n                                    <div class=\"ekit_accordion_normal_icon\">\n                                        <!-- Normal Icon -->\n\t\t\t\t\t\t\t\t\t\t<i class=\"icon icon-down-arrow1\"><\/i>                                    <\/div>\n\n                                    <div class=\"ekit_accordion_active_icon\">\n                                        <!-- Active Icon -->\n\t\t\t\t\t\t\t\t\t\t<i class=\"icon icon-up-arrow\"><\/i>                                    <\/div>\n                                <\/div>\n\n                            \n                                                    <\/a>\n                    <\/div>\n\n                    <div id=\"Collapse-d66637569f1b4e1909ff\" class=\"collapse\" aria-labelledby=\"primaryHeading-3-b5a1834\" data-parent=\"#accordion-69f1b4e1909ff\">\n\n                        <div class=\"elementskit-card-body ekit-accordion--content\">\n                            <p>Resistencias de carter para compresores para mantenerlos a su temperatura de trabajo. Van provistas de un muelle que facilita su adaptaci\u00f3n.<\/p>\n<p><img loading=\"lazy\" decoding=\"async\" class=\"alignnone size-full wp-image-471\" src=\"https:\/\/malibimarkina.com\/wp-content\/uploads\/2023\/03\/prod01-4-1p.jpg\" alt=\"\" width=\"173\" height=\"107\" \/> <img loading=\"lazy\" decoding=\"async\" class=\"alignnone size-medium wp-image-472\" src=\"https:\/\/malibimarkina.com\/wp-content\/uploads\/2023\/03\/prod01-4-2p.jpg\" alt=\"\" width=\"173\" height=\"107\" \/> <img loading=\"lazy\" decoding=\"async\" class=\"alignnone size-medium wp-image-473\" src=\"https:\/\/malibimarkina.com\/wp-content\/uploads\/2023\/03\/prod01-4-3p.jpg\" alt=\"\" width=\"173\" height=\"107\" \/><\/p>                        <\/div>\n\n                    <\/div>\n\n                <\/div><!-- .elementskit-card END -->\n\n                \n                <div class=\"elementskit-card\">\n                    <div class=\"elementskit-card-header\" id=\"primaryHeading-4-b5a1834\">\n                        <a href=\"#collapse-e830d5c69f1b4e1909ff\" class=\"ekit-accordion--toggler elementskit-btn-link collapsed\" data-ekit-toggle=\"collapse\" data-target=\"#Collapse-e830d5c69f1b4e1909ff\" aria-expanded=\"false\" aria-controls=\"Collapse-e830d5c69f1b4e1909ff\">\n                            \n                            <span class=\"ekit-accordion-title\">5 - Resistencias para la fermentaci\u00f3n del vino<\/span>\n\n                            \n                                <div class=\"ekit_accordion_icon_group\">\n                                    <div class=\"ekit_accordion_normal_icon\">\n                                        <!-- Normal Icon -->\n\t\t\t\t\t\t\t\t\t\t<i class=\"icon icon-down-arrow1\"><\/i>                                    <\/div>\n\n                                    <div class=\"ekit_accordion_active_icon\">\n                                        <!-- Active Icon -->\n\t\t\t\t\t\t\t\t\t\t<i class=\"icon icon-up-arrow\"><\/i>                                    <\/div>\n                                <\/div>\n\n                            \n                                                    <\/a>\n                    <\/div>\n\n                    <div id=\"Collapse-e830d5c69f1b4e1909ff\" class=\"collapse\" aria-labelledby=\"primaryHeading-4-b5a1834\" data-parent=\"#accordion-69f1b4e1909ff\">\n\n                        <div class=\"elementskit-card-body ekit-accordion--content\">\n                            <p>Resistencias para la fermentaci\u00f3n del vino, se utilizan para ayudar en la fermentaci\u00f3n del vino, y se suministran montadas en una caja con termostato.<\/p><p><img loading=\"lazy\" decoding=\"async\" class=\"alignnone size-full wp-image-481\" src=\"https:\/\/malibimarkina.com\/wp-content\/uploads\/2023\/03\/prod01-5-1p-1.jpg\" alt=\"\" width=\"173\" height=\"107\" \/><\/p>                        <\/div>\n\n                    <\/div>\n\n                <\/div><!-- .elementskit-card END -->\n\n                \n                <div class=\"elementskit-card\">\n                    <div class=\"elementskit-card-header\" id=\"primaryHeading-5-b5a1834\">\n                        <a href=\"#collapse-cc802a169f1b4e1909ff\" class=\"ekit-accordion--toggler elementskit-btn-link collapsed\" data-ekit-toggle=\"collapse\" data-target=\"#Collapse-cc802a169f1b4e1909ff\" aria-expanded=\"false\" aria-controls=\"Collapse-cc802a169f1b4e1909ff\">\n                            \n                            <span class=\"ekit-accordion-title\">6 - Suelo radiante<\/span>\n\n                            \n                                <div class=\"ekit_accordion_icon_group\">\n                                    <div class=\"ekit_accordion_normal_icon\">\n                                        <!-- Normal Icon -->\n\t\t\t\t\t\t\t\t\t\t<i class=\"icon icon-down-arrow1\"><\/i>                                    <\/div>\n\n                                    <div class=\"ekit_accordion_active_icon\">\n                                        <!-- Active Icon -->\n\t\t\t\t\t\t\t\t\t\t<i class=\"icon icon-up-arrow\"><\/i>                                    <\/div>\n                                <\/div>\n\n                            \n                                                    <\/a>\n                    <\/div>\n\n                    <div id=\"Collapse-cc802a169f1b4e1909ff\" class=\"collapse\" aria-labelledby=\"primaryHeading-5-b5a1834\" data-parent=\"#accordion-69f1b4e1909ff\">\n\n                        <div class=\"elementskit-card-body ekit-accordion--content\">\n                            <p>Suelo radiante, colocado bajo los suelos o en paredes, se usa para el calentamiento de cualquier tipo de superficie (viviendas, granjas, invernaderos, etc)<\/p><p>Se suministra el material en rollos o carretes.<\/p><p><img loading=\"lazy\" decoding=\"async\" class=\"alignnone size-full wp-image-488\" src=\"https:\/\/malibimarkina.com\/wp-content\/uploads\/2023\/03\/prod01-6-1p.jpg\" alt=\"\" width=\"173\" height=\"107\" \/> <img loading=\"lazy\" decoding=\"async\" class=\"alignnone size-medium wp-image-489\" src=\"https:\/\/malibimarkina.com\/wp-content\/uploads\/2023\/03\/prod01-6-2p.jpg\" alt=\"\" width=\"173\" height=\"107\" \/><\/p>                        <\/div>\n\n                    <\/div>\n\n                <\/div><!-- .elementskit-card END -->\n\n                                        <\/div>\n    <\/div>\t\t\t\t<\/div>\n\t\t\t\t<\/div>\n\t\t\t\t\t<\/div>\n\t\t<\/div>\n\t\t\t\t\t<\/div>\n\t\t<\/section>\n\t\t\t\t<\/div>","protected":false},"excerpt":{"rendered":"<p>CABLE CALEFACTOR FLEXIBLE Est\u00e1 compuesto de un n\u00facleo formado por un elemento resistivo, que est\u00e1 recubierto de un material aislante y transmisor de calor ( silicona o PVC) Tambi\u00e9n se hacen recubrimientos combinando los anteriores con fibra de vidrio o malla met\u00e1lica. Su uso est\u00e1 indicado para todo proceso que requiera un calentamiento suave. La [&hellip;]<\/p>\n","protected":false},"author":1,"featured_media":0,"parent":0,"menu_order":0,"comment_status":"closed","ping_status":"closed","template":"elementor_canvas","meta":{"footnotes":""},"class_list":["post-422","page","type-page","status-publish","hentry"],"yoast_head":"<!-- This site is optimized with the Yoast SEO plugin v27.5 - https:\/\/yoast.com\/product\/yoast-seo-wordpress\/ -->\n<title>Cable Calefactor Flexible - Malibi Markina<\/title>\n<meta name=\"robots\" content=\"index, follow, max-snippet:-1, max-image-preview:large, max-video-preview:-1\" \/>\n<link rel=\"canonical\" href=\"https:\/\/malibimarkina.com\/pt\/cable-calefactor-flexible\/\" \/>\n<meta property=\"og:locale\" content=\"pt_PT\" \/>\n<meta property=\"og:type\" content=\"article\" \/>\n<meta property=\"og:title\" content=\"Cable Calefactor Flexible - Malibi Markina\" \/>\n<meta property=\"og:description\" content=\"CABLE CALEFACTOR FLEXIBLE Est\u00e1 compuesto de un n\u00facleo formado por un elemento resistivo, que est\u00e1 recubierto de un material aislante y transmisor de calor ( silicona o PVC) Tambi\u00e9n se hacen recubrimientos combinando los anteriores con fibra de vidrio o malla met\u00e1lica. Su uso est\u00e1 indicado para todo proceso que requiera un calentamiento suave. La [&hellip;]\" \/>\n<meta property=\"og:url\" content=\"https:\/\/malibimarkina.com\/pt\/cable-calefactor-flexible\/\" \/>\n<meta property=\"og:site_name\" content=\"Malibi Markina\" \/>\n<meta property=\"article:modified_time\" content=\"2023-03-12T22:25:57+00:00\" \/>\n<meta property=\"og:image\" content=\"https:\/\/malibimarkina.com\/wp-content\/uploads\/2023\/03\/prod01-1-1p.gif\" \/>\n<meta name=\"twitter:card\" content=\"summary_large_image\" \/>\n<meta name=\"twitter:label1\" content=\"Tempo estimado de leitura\" \/>\n\t<meta name=\"twitter:data1\" content=\"5 minutos\" \/>\n<script type=\"application\/ld+json\" class=\"yoast-schema-graph\">{\"@context\":\"https:\\\/\\\/schema.org\",\"@graph\":[{\"@type\":\"WebPage\",\"@id\":\"https:\\\/\\\/malibimarkina.com\\\/cable-calefactor-flexible\\\/\",\"url\":\"https:\\\/\\\/malibimarkina.com\\\/cable-calefactor-flexible\\\/\",\"name\":\"Cable Calefactor Flexible - Malibi Markina\",\"isPartOf\":{\"@id\":\"https:\\\/\\\/malibimarkina.com\\\/#website\"},\"primaryImageOfPage\":{\"@id\":\"https:\\\/\\\/malibimarkina.com\\\/cable-calefactor-flexible\\\/#primaryimage\"},\"image\":{\"@id\":\"https:\\\/\\\/malibimarkina.com\\\/cable-calefactor-flexible\\\/#primaryimage\"},\"thumbnailUrl\":\"https:\\\/\\\/malibimarkina.com\\\/wp-content\\\/uploads\\\/2023\\\/03\\\/prod01-1-1p.gif\",\"datePublished\":\"2023-03-12T21:54:20+00:00\",\"dateModified\":\"2023-03-12T22:25:57+00:00\",\"breadcrumb\":{\"@id\":\"https:\\\/\\\/malibimarkina.com\\\/cable-calefactor-flexible\\\/#breadcrumb\"},\"inLanguage\":\"pt-PT\",\"potentialAction\":[{\"@type\":\"ReadAction\",\"target\":[\"https:\\\/\\\/malibimarkina.com\\\/cable-calefactor-flexible\\\/\"]}]},{\"@type\":\"ImageObject\",\"inLanguage\":\"pt-PT\",\"@id\":\"https:\\\/\\\/malibimarkina.com\\\/cable-calefactor-flexible\\\/#primaryimage\",\"url\":\"https:\\\/\\\/malibimarkina.com\\\/wp-content\\\/uploads\\\/2023\\\/03\\\/prod01-1-1p.gif\",\"contentUrl\":\"https:\\\/\\\/malibimarkina.com\\\/wp-content\\\/uploads\\\/2023\\\/03\\\/prod01-1-1p.gif\"},{\"@type\":\"BreadcrumbList\",\"@id\":\"https:\\\/\\\/malibimarkina.com\\\/cable-calefactor-flexible\\\/#breadcrumb\",\"itemListElement\":[{\"@type\":\"ListItem\",\"position\":1,\"name\":\"Home\",\"item\":\"https:\\\/\\\/malibimarkina.com\\\/\"},{\"@type\":\"ListItem\",\"position\":2,\"name\":\"Cable Calefactor Flexible\"}]},{\"@type\":\"WebSite\",\"@id\":\"https:\\\/\\\/malibimarkina.com\\\/#website\",\"url\":\"https:\\\/\\\/malibimarkina.com\\\/\",\"name\":\"Malibi Markina\",\"description\":\"Malibi , cuenta  con una experiencia de mas de 40 a\u00f1os en el dise\u00f1o y la fabricaci\u00f3n de resistencias el\u00e9ctricas.\",\"publisher\":{\"@id\":\"https:\\\/\\\/malibimarkina.com\\\/#organization\"},\"potentialAction\":[{\"@type\":\"SearchAction\",\"target\":{\"@type\":\"EntryPoint\",\"urlTemplate\":\"https:\\\/\\\/malibimarkina.com\\\/?s={search_term_string}\"},\"query-input\":{\"@type\":\"PropertyValueSpecification\",\"valueRequired\":true,\"valueName\":\"search_term_string\"}}],\"inLanguage\":\"pt-PT\"},{\"@type\":\"Organization\",\"@id\":\"https:\\\/\\\/malibimarkina.com\\\/#organization\",\"name\":\"Malibi Markina\",\"url\":\"https:\\\/\\\/malibimarkina.com\\\/\",\"logo\":{\"@type\":\"ImageObject\",\"inLanguage\":\"pt-PT\",\"@id\":\"https:\\\/\\\/malibimarkina.com\\\/#\\\/schema\\\/logo\\\/image\\\/\",\"url\":\"https:\\\/\\\/malibimarkina.com\\\/wp-content\\\/uploads\\\/2023\\\/02\\\/cropped-barelcaserio.png\",\"contentUrl\":\"https:\\\/\\\/malibimarkina.com\\\/wp-content\\\/uploads\\\/2023\\\/02\\\/cropped-barelcaserio.png\",\"width\":200,\"height\":90,\"caption\":\"Malibi Markina\"},\"image\":{\"@id\":\"https:\\\/\\\/malibimarkina.com\\\/#\\\/schema\\\/logo\\\/image\\\/\"}}]}<\/script>\n<!-- \/ Yoast SEO plugin. -->","yoast_head_json":{"title":"Cable Calefactor Flexible - Malibi Markina","robots":{"index":"index","follow":"follow","max-snippet":"max-snippet:-1","max-image-preview":"max-image-preview:large","max-video-preview":"max-video-preview:-1"},"canonical":"https:\/\/malibimarkina.com\/pt\/cable-calefactor-flexible\/","og_locale":"pt_PT","og_type":"article","og_title":"Cable Calefactor Flexible - Malibi Markina","og_description":"CABLE CALEFACTOR FLEXIBLE Est\u00e1 compuesto de un n\u00facleo formado por un elemento resistivo, que est\u00e1 recubierto de un material aislante y transmisor de calor ( silicona o PVC) Tambi\u00e9n se hacen recubrimientos combinando los anteriores con fibra de vidrio o malla met\u00e1lica. Su uso est\u00e1 indicado para todo proceso que requiera un calentamiento suave. La [&hellip;]","og_url":"https:\/\/malibimarkina.com\/pt\/cable-calefactor-flexible\/","og_site_name":"Malibi Markina","article_modified_time":"2023-03-12T22:25:57+00:00","og_image":[{"url":"https:\/\/malibimarkina.com\/wp-content\/uploads\/2023\/03\/prod01-1-1p.gif","type":"","width":"","height":""}],"twitter_card":"summary_large_image","twitter_misc":{"Tempo estimado de leitura":"5 minutos"},"schema":{"@context":"https:\/\/schema.org","@graph":[{"@type":"WebPage","@id":"https:\/\/malibimarkina.com\/cable-calefactor-flexible\/","url":"https:\/\/malibimarkina.com\/cable-calefactor-flexible\/","name":"Cable Calefactor Flexible - Malibi Markina","isPartOf":{"@id":"https:\/\/malibimarkina.com\/#website"},"primaryImageOfPage":{"@id":"https:\/\/malibimarkina.com\/cable-calefactor-flexible\/#primaryimage"},"image":{"@id":"https:\/\/malibimarkina.com\/cable-calefactor-flexible\/#primaryimage"},"thumbnailUrl":"https:\/\/malibimarkina.com\/wp-content\/uploads\/2023\/03\/prod01-1-1p.gif","datePublished":"2023-03-12T21:54:20+00:00","dateModified":"2023-03-12T22:25:57+00:00","breadcrumb":{"@id":"https:\/\/malibimarkina.com\/cable-calefactor-flexible\/#breadcrumb"},"inLanguage":"pt-PT","potentialAction":[{"@type":"ReadAction","target":["https:\/\/malibimarkina.com\/cable-calefactor-flexible\/"]}]},{"@type":"ImageObject","inLanguage":"pt-PT","@id":"https:\/\/malibimarkina.com\/cable-calefactor-flexible\/#primaryimage","url":"https:\/\/malibimarkina.com\/wp-content\/uploads\/2023\/03\/prod01-1-1p.gif","contentUrl":"https:\/\/malibimarkina.com\/wp-content\/uploads\/2023\/03\/prod01-1-1p.gif"},{"@type":"BreadcrumbList","@id":"https:\/\/malibimarkina.com\/cable-calefactor-flexible\/#breadcrumb","itemListElement":[{"@type":"ListItem","position":1,"name":"Home","item":"https:\/\/malibimarkina.com\/"},{"@type":"ListItem","position":2,"name":"Cable Calefactor Flexible"}]},{"@type":"WebSite","@id":"https:\/\/malibimarkina.com\/#website","url":"https:\/\/malibimarkina.com\/","name":"Malibi Markina","description":"Malibi , cuenta  con una experiencia de mas de 40 a\u00f1os en el dise\u00f1o y la fabricaci\u00f3n de resistencias el\u00e9ctricas.","publisher":{"@id":"https:\/\/malibimarkina.com\/#organization"},"potentialAction":[{"@type":"SearchAction","target":{"@type":"EntryPoint","urlTemplate":"https:\/\/malibimarkina.com\/?s={search_term_string}"},"query-input":{"@type":"PropertyValueSpecification","valueRequired":true,"valueName":"search_term_string"}}],"inLanguage":"pt-PT"},{"@type":"Organization","@id":"https:\/\/malibimarkina.com\/#organization","name":"Malibi Markina","url":"https:\/\/malibimarkina.com\/","logo":{"@type":"ImageObject","inLanguage":"pt-PT","@id":"https:\/\/malibimarkina.com\/#\/schema\/logo\/image\/","url":"https:\/\/malibimarkina.com\/wp-content\/uploads\/2023\/02\/cropped-barelcaserio.png","contentUrl":"https:\/\/malibimarkina.com\/wp-content\/uploads\/2023\/02\/cropped-barelcaserio.png","width":200,"height":90,"caption":"Malibi Markina"},"image":{"@id":"https:\/\/malibimarkina.com\/#\/schema\/logo\/image\/"}}]}},"_links":{"self":[{"href":"https:\/\/malibimarkina.com\/pt\/wp-json\/wp\/v2\/pages\/422","targetHints":{"allow":["GET"]}}],"collection":[{"href":"https:\/\/malibimarkina.com\/pt\/wp-json\/wp\/v2\/pages"}],"about":[{"href":"https:\/\/malibimarkina.com\/pt\/wp-json\/wp\/v2\/types\/page"}],"author":[{"embeddable":true,"href":"https:\/\/malibimarkina.com\/pt\/wp-json\/wp\/v2\/users\/1"}],"replies":[{"embeddable":true,"href":"https:\/\/malibimarkina.com\/pt\/wp-json\/wp\/v2\/comments?post=422"}],"version-history":[{"count":46,"href":"https:\/\/malibimarkina.com\/pt\/wp-json\/wp\/v2\/pages\/422\/revisions"}],"predecessor-version":[{"id":495,"href":"https:\/\/malibimarkina.com\/pt\/wp-json\/wp\/v2\/pages\/422\/revisions\/495"}],"wp:attachment":[{"href":"https:\/\/malibimarkina.com\/pt\/wp-json\/wp\/v2\/media?parent=422"}],"curies":[{"name":"wp","href":"https:\/\/api.w.org\/{rel}","templated":true}]}}